{"id":2542,"date":"2023-11-06T16:10:43","date_gmt":"2023-11-06T16:10:43","guid":{"rendered":"https:\/\/3.space1.pl\/?page_id=2542"},"modified":"2024-03-01T09:13:03","modified_gmt":"2024-03-01T09:13:03","slug":"darowizny","status":"publish","type":"page","link":"https:\/\/lasdlanas.pl\/en\/darowizny\/","title":{"rendered":"Darowizny"},"content":{"rendered":"<figure class=\"wp-block-image size-full\"><img loading=\"lazy\" decoding=\"async\" width=\"900\" height=\"915\" src=\"https:\/\/lasdlanas.pl\/wp-content\/uploads\/2023\/11\/pic987_wynik.webp\" alt class=\"wp-image-2544\" srcset=\"https:\/\/lasdlanas.pl\/wp-content\/uploads\/2023\/11\/pic987_wynik.webp 900w, https:\/\/lasdlanas.pl\/wp-content\/uploads\/2023\/11\/pic987_wynik-295x300.webp 295w, https:\/\/lasdlanas.pl\/wp-content\/uploads\/2023\/11\/pic987_wynik-768x781.webp 768w, https:\/\/lasdlanas.pl\/wp-content\/uploads\/2023\/11\/pic987_wynik-12x12.webp 12w\" sizes=\"auto, (max-width: 900px) 100vw, 900px\" \/><\/figure>\n\n<p>Przeka\u017c darowizn\u0119 na ochron\u0119 przyrody! Wsparcie dla Fundacji Las Dla Nas to krok w stron\u0119 zachowania naszych las\u00f3w i \u015brodowiska naturalnego. Dokonaj darowizny i do\u0142\u0105cz do naszej misji ochrony przyrody.<\/p>\n\n<div class=\"wp-block-buttons is-layout-flex wp-block-buttons-is-layout-flex\"><div class=\"wp-block-button\"><a class=\"wp-block-button__link\">Odkrywaj<\/a><\/div><\/div>\n\n<div class=\"wp-block-buttons is-layout-flex wp-block-buttons-is-layout-flex\"><div class=\"wp-block-button\"><a class=\"wp-block-button__link\">Dowiedz si\u0119 wi\u0119cej o nas<\/a><\/div><\/div>\n\n<figure class=\"wp-block-image size-full\"><img loading=\"lazy\" decoding=\"async\" width=\"638\" height=\"933\" src=\"https:\/\/lasdlanas.pl\/wp-content\/uploads\/2023\/12\/Frame-126614.png\" alt class=\"wp-image-3108\" srcset=\"https:\/\/lasdlanas.pl\/wp-content\/uploads\/2023\/12\/Frame-126614.png 638w, https:\/\/lasdlanas.pl\/wp-content\/uploads\/2023\/12\/Frame-126614-205x300.png 205w, https:\/\/lasdlanas.pl\/wp-content\/uploads\/2023\/12\/Frame-126614-8x12.png 8w\" sizes=\"auto, (max-width: 638px) 100vw, 638px\" \/><\/figure>\n\n<figure class=\"wp-block-image size-full\"><img decoding=\"async\" src=\"https:\/\/lasdlanas.pl\/wp-content\/uploads\/2023\/12\/generous.png\" alt class=\"wp-image-3088\" width=\"83\" srcset=\"https:\/\/lasdlanas.pl\/wp-content\/uploads\/2023\/12\/generous.png 512w, https:\/\/lasdlanas.pl\/wp-content\/uploads\/2023\/12\/generous-300x300.png 300w, https:\/\/lasdlanas.pl\/wp-content\/uploads\/2023\/12\/generous-150x150.png 150w, https:\/\/lasdlanas.pl\/wp-content\/uploads\/2023\/12\/generous-12x12.png 12w\" sizes=\"(max-width: 512px) 100vw, 512px\" \/><\/figure>\n\nDobrowolne\nprzekazanie\n\n<figure class=\"wp-block-image size-full\"><img decoding=\"async\" src=\"https:\/\/lasdlanas.pl\/wp-content\/uploads\/2023\/12\/solidarity.png\" alt class=\"wp-image-3087\" width=\"83\" srcset=\"https:\/\/lasdlanas.pl\/wp-content\/uploads\/2023\/12\/solidarity.png 512w, https:\/\/lasdlanas.pl\/wp-content\/uploads\/2023\/12\/solidarity-300x300.png 300w, https:\/\/lasdlanas.pl\/wp-content\/uploads\/2023\/12\/solidarity-150x150.png 150w, https:\/\/lasdlanas.pl\/wp-content\/uploads\/2023\/12\/solidarity-12x12.png 12w\" sizes=\"(max-width: 512px) 100vw, 512px\" \/><\/figure>\n\nPrzekazywanie w\u0142asno\u015bci\n\n<figure class=\"wp-block-image size-full\"><img decoding=\"async\" src=\"https:\/\/lasdlanas.pl\/wp-content\/uploads\/2023\/12\/no-money.png\" alt class=\"wp-image-3086\" width=\"83\" srcset=\"https:\/\/lasdlanas.pl\/wp-content\/uploads\/2023\/12\/no-money.png 512w, https:\/\/lasdlanas.pl\/wp-content\/uploads\/2023\/12\/no-money-300x300.png 300w, https:\/\/lasdlanas.pl\/wp-content\/uploads\/2023\/12\/no-money-150x150.png 150w, https:\/\/lasdlanas.pl\/wp-content\/uploads\/2023\/12\/no-money-12x12.png 12w\" sizes=\"(max-width: 512px) 100vw, 512px\" \/><\/figure>\n\nBrak wynagrodzenia\n\n<figure class=\"wp-block-image size-full\"><img decoding=\"async\" src=\"https:\/\/lasdlanas.pl\/wp-content\/uploads\/2023\/12\/forest-1.png\" alt class=\"wp-image-3061\" width=\"83\" srcset=\"https:\/\/lasdlanas.pl\/wp-content\/uploads\/2023\/12\/forest-1.png 512w, https:\/\/lasdlanas.pl\/wp-content\/uploads\/2023\/12\/forest-1-300x300.png 300w, https:\/\/lasdlanas.pl\/wp-content\/uploads\/2023\/12\/forest-1-150x150.png 150w, https:\/\/lasdlanas.pl\/wp-content\/uploads\/2023\/12\/forest-1-12x12.png 12w\" sizes=\"(max-width: 512px) 100vw, 512px\" \/><\/figure>\n\nWesprzyj ochron\u0119 \n\u015brodowiska naturalnego\n\n<figure class=\"wp-block-image size-full\"><img decoding=\"async\" src=\"https:\/\/lasdlanas.pl\/wp-content\/uploads\/2023\/12\/save-the-world.png\" alt class=\"wp-image-3060\" width=\"83\" srcset=\"https:\/\/lasdlanas.pl\/wp-content\/uploads\/2023\/12\/save-the-world.png 512w, https:\/\/lasdlanas.pl\/wp-content\/uploads\/2023\/12\/save-the-world-300x300.png 300w, https:\/\/lasdlanas.pl\/wp-content\/uploads\/2023\/12\/save-the-world-150x150.png 150w, https:\/\/lasdlanas.pl\/wp-content\/uploads\/2023\/12\/save-the-world-12x12.png 12w\" sizes=\"(max-width: 512px) 100vw, 512px\" \/><\/figure>\n\nDzia\u0142aj lokalnie\n i globalnie\n\n<figure class=\"wp-block-image size-full\"><img decoding=\"async\" src=\"https:\/\/lasdlanas.pl\/wp-content\/uploads\/2023\/12\/lowest-price.png\" alt class=\"wp-image-3074\" width=\"83\" srcset=\"https:\/\/lasdlanas.pl\/wp-content\/uploads\/2023\/12\/lowest-price.png 512w, https:\/\/lasdlanas.pl\/wp-content\/uploads\/2023\/12\/lowest-price-300x300.png 300w, https:\/\/lasdlanas.pl\/wp-content\/uploads\/2023\/12\/lowest-price-150x150.png 150w, https:\/\/lasdlanas.pl\/wp-content\/uploads\/2023\/12\/lowest-price-12x12.png 12w\" sizes=\"(max-width: 512px) 100vw, 512px\" \/><\/figure>\n\nOtrzymuj ulgi\npodatkowe\n\nDarowizna jest dokonywana z w\u0142asnej woli i nie jest narzucana ani wymuszana przez nikogo.\n\nLas dla Nas podejmuje dzia\u0142ania zar\u00f3wno na poziomie lokalnym, jak i globalnym. Twoja darowizna wp\u0142ywa na kondycj\u0119 las\u00f3w w Twoim regionie, jednocze\u015bnie wspieraj\u0105c globalne wysi\u0142ki na rzecz ochrony \u015brodowiska.\n\nPrzekazuj\u0105c darowizny dla fundacji &#8222;Las dla Nas&#8221;, mo\u017cesz skorzysta\u0107 z ulg podatkowych, co pozwoli Ci zmniejszy\u0107 sw\u00f3j obci\u0105\u017cenie podatkowe.\n\n<figure class=\"wp-block-image size-full\"><img loading=\"lazy\" decoding=\"async\" width=\"254\" height=\"170\" src=\"https:\/\/lasdlanas.pl\/wp-content\/uploads\/2023\/12\/unsplash_376KN_ISplE.jpg\" alt class=\"wp-image-3138\" srcset=\"https:\/\/lasdlanas.pl\/wp-content\/uploads\/2023\/12\/unsplash_376KN_ISplE.jpg 254w, https:\/\/lasdlanas.pl\/wp-content\/uploads\/2023\/12\/unsplash_376KN_ISplE-18x12.jpg 18w\" sizes=\"auto, (max-width: 254px) 100vw, 254px\" \/><\/figure>\n\nPotwierdzenie i podzi\u0119kowanie\n\nPo dokonaniu darowizny, oczekuj potwierdzenia od Fundacji &#8222;Las dla Nas&#8221;, kt\u00f3re potwierdzi otrzymanie \u015brodk\u00f3w.\n\nCharakteryzuje si\u0119 kilkoma kluczowymi cechami.\n\n<figure class=\"wp-block-image size-full\"><img loading=\"lazy\" decoding=\"async\" width=\"257\" height=\"172\" src=\"https:\/\/lasdlanas.pl\/wp-content\/uploads\/2023\/12\/unsplash_6mUIYJvS2_I.png\" alt class=\"wp-image-3144\" srcset=\"https:\/\/lasdlanas.pl\/wp-content\/uploads\/2023\/12\/unsplash_6mUIYJvS2_I.png 257w, https:\/\/lasdlanas.pl\/wp-content\/uploads\/2023\/12\/unsplash_6mUIYJvS2_I-18x12.png 18w\" sizes=\"auto, (max-width: 257px) 100vw, 257px\" \/><\/figure>\n\nWybierz metod\u0119 przekazania darowizny\n\nWyb\u00f3r Formy Darowizny: Zdecyduj, czy chcesz przekaza\u0107 darowizn\u0119 jednorazowo, regularnie (np. miesi\u0119cznie).  Ustal, jak\u0105 kwot\u0119 chcesz przekaza\u0107.\n\n<figure class=\"wp-block-image size-full\"><img loading=\"lazy\" decoding=\"async\" width=\"254\" height=\"169\" src=\"https:\/\/lasdlanas.pl\/wp-content\/uploads\/2023\/12\/unsplash_npxXWgQ33ZQ-1.png\" alt class=\"wp-image-3127\" srcset=\"https:\/\/lasdlanas.pl\/wp-content\/uploads\/2023\/12\/unsplash_npxXWgQ33ZQ-1.png 254w, https:\/\/lasdlanas.pl\/wp-content\/uploads\/2023\/12\/unsplash_npxXWgQ33ZQ-1-18x12.png 18w\" sizes=\"auto, (max-width: 254px) 100vw, 254px\" \/><\/figure>\n\nSkontaktuj si\u0119 z nami\n\nSkomunikuj si\u0119 z Fundacj\u0105 Las dla Nas w celu uzyskania dok\u0142adnych informacji dotycz\u0105cych procesu przekazywania darowizn finansowych.\n\n<figure class=\"wp-block-image size-full\"><img loading=\"lazy\" decoding=\"async\" width=\"254\" height=\"170\" src=\"https:\/\/lasdlanas.pl\/wp-content\/uploads\/2023\/12\/unsplash_OQMZwNd3ThU-1.png\" alt class=\"wp-image-3128\" srcset=\"https:\/\/lasdlanas.pl\/wp-content\/uploads\/2023\/12\/unsplash_OQMZwNd3ThU-1.png 254w, https:\/\/lasdlanas.pl\/wp-content\/uploads\/2023\/12\/unsplash_OQMZwNd3ThU-1-18x12.png 18w\" sizes=\"auto, (max-width: 254px) 100vw, 254px\" \/><\/figure>\n\nPrzeka\u017c swoj\u0105 darowizn\u0119\n\nWykonaj przelew bankowy lub u\u017cyj wybranej metody p\u0142atno\u015bci, wskazuj\u0105c dane bankowe lub informacje dostarczone przez Fundacj\u0119 Las dla Nas.\n\n<figure class=\"wp-block-image size-full\"><img loading=\"lazy\" decoding=\"async\" width=\"254\" height=\"170\" src=\"https:\/\/lasdlanas.pl\/wp-content\/uploads\/2023\/12\/unsplash_wuU_SSxDeS0-1.png\" alt class=\"wp-image-3133\" srcset=\"https:\/\/lasdlanas.pl\/wp-content\/uploads\/2023\/12\/unsplash_wuU_SSxDeS0-1.png 254w, https:\/\/lasdlanas.pl\/wp-content\/uploads\/2023\/12\/unsplash_wuU_SSxDeS0-1-18x12.png 18w\" sizes=\"auto, (max-width: 254px) 100vw, 254px\" \/><\/figure>\n\nMonitoruj i anga\u017cuj si\u0119 dalej w nasz projekt\n\nJe\u015bli jeste\u015b zainteresowany, \u015bled\u017a, jak Fundacja &#8222;Las dla Nas&#8221; wykorzystuje przekazane przez Ciebie \u015brodki i w jaki spos\u00f3b przyczyniaj\u0105 si\u0119 one do jej cel\u00f3w.\n\nSponsorzy projektu\n\nPrzeczytaj, co nasi lojalni darczy\u0144cy maj\u0105 do powiedzenia o naszej pracy i naszym wsp\u00f3lnym wk\u0142adzie w ochron\u0119 naszych las\u00f3w,\n\n<figure class=\"wp-block-image size-full\"><img loading=\"lazy\" decoding=\"async\" width=\"96\" height=\"96\" src=\"https:\/\/lasdlanas.pl\/wp-content\/uploads\/2023\/11\/Bitmap888_wynik.webp\" alt class=\"wp-image-2255\" srcset=\"https:\/\/lasdlanas.pl\/wp-content\/uploads\/2023\/11\/Bitmap888_wynik.webp 96w, https:\/\/lasdlanas.pl\/wp-content\/uploads\/2023\/11\/Bitmap888_wynik-12x12.webp 12w\" sizes=\"auto, (max-width: 96px) 100vw, 96px\" \/><\/figure>\n\n<h3 class=\"wp-block-heading\">Hotel Batory<\/h3>\n\n<figure class=\"wp-block-image size-full\"><img loading=\"lazy\" decoding=\"async\" width=\"120\" height=\"24\" src=\"https:\/\/lasdlanas.pl\/wp-content\/uploads\/2023\/11\/stars_wynik.webp\" alt class=\"wp-image-2256\" srcset=\"https:\/\/lasdlanas.pl\/wp-content\/uploads\/2023\/11\/stars_wynik.webp 120w, https:\/\/lasdlanas.pl\/wp-content\/uploads\/2023\/11\/stars_wynik-18x4.webp 18w\" sizes=\"auto, (max-width: 120px) 100vw, 120px\" \/><\/figure>\n\n<p>Z przyjemno\u015bci\u0105 mog\u0119 poleci\u0107 Fundacj\u0119 LAS dla nas jako niezawodnego i do\u015bwiadczonego partnera w dziedzinie ekologicznego marketingu. Fundacja wykona\u0142a dla mnie us\u0142ugi na najwy\u017cszym poziomie, wykazuj\u0105c si\u0119 fachowo\u015bci\u0105, innowacyjno\u015bci\u0105 i zaanga\u017cowaniem w realizacj\u0119 projektu LAS DLA NAS. Fundacja opracowa\u0142a i zastosowa\u0142a efektywn\u0105 strategi\u0119 promocji mojej firmy, kt\u00f3ra opiera\u0142a si\u0119 na zasadach zr\u00f3wnowa\u017conego rozwoju i odpowiedzialno\u015bci spo\u0142ecznej. <strong>Dzi\u0119ki temu uda\u0142o mi si\u0119 podnie\u015b\u0107 poziom \u015bwiadomo\u015bci i lojalno\u015bci moich klient\u00f3w, poprawi\u0107 wizerunek mojej marki.<\/strong> Fundacja LAS dla nas by\u0142a r\u00f3wnie\u017c elastyczna i otwarta na moje propozycje i zmiany. Zdecydowanie polecam firm\u0119 Fundacj\u0119 jako kompetentnego i godnego zaufania partnera w zakresie marketingu ekologicznego.<\/p>\n\n<figure class=\"wp-block-image size-medium\"><img decoding=\"async\" src=\"https:\/\/lasdlanas.pl\/wp-content\/uploads\/2023\/10\/ascot-300x157.png\" alt class=\"wp-image-2226\" width=\"175\" srcset=\"https:\/\/lasdlanas.pl\/wp-content\/uploads\/2023\/10\/ascot-300x157.png 300w, https:\/\/lasdlanas.pl\/wp-content\/uploads\/2023\/10\/ascot-18x9.png 18w, https:\/\/lasdlanas.pl\/wp-content\/uploads\/2023\/10\/ascot.png 377w\" sizes=\"(max-width: 300px) 100vw, 300px\" \/><\/figure>\n\n<h3 class=\"wp-block-heading\">Hotel Ascot<\/h3>\n\n<figure class=\"wp-block-image size-full\"><img loading=\"lazy\" decoding=\"async\" width=\"120\" height=\"24\" src=\"https:\/\/lasdlanas.pl\/wp-content\/uploads\/2023\/11\/stars_wynik.webp\" alt class=\"wp-image-2256\" srcset=\"https:\/\/lasdlanas.pl\/wp-content\/uploads\/2023\/11\/stars_wynik.webp 120w, https:\/\/lasdlanas.pl\/wp-content\/uploads\/2023\/11\/stars_wynik-18x4.webp 18w\" sizes=\"auto, (max-width: 120px) 100vw, 120px\" \/><\/figure>\n\n<p>Coroczna akcja pod nazw\u0105 Hotelowy Tydzie\u0144 Ziemi by\u0142a dla nas impulsem do podj\u0119cia dzia\u0142a\u0144 w zakresie zr\u00f3wnowa\u017conego rozwoju, kt\u00f3re nie by\u0142y wcze\u015bniej prowadzone w naszym obiekcie. Szukali\u015bmy zaufanego partnera, kt\u00f3ry w transparentny spos\u00f3b prowadzi swoje dzia\u0142ania, a my mo\u017cemy do\u0142o\u017cy\u0107 do nich swoj\u0105 cegie\u0142k\u0119.<br \/>Pad\u0142o na Las dla Nas i by\u0142 to strza\u0142 w dziesi\u0105tk\u0119, poniewa\u017c ten projekt zak\u0142ada aktywny udzia\u0142 go\u015bci hotelowych w procesie, na czym nam bardzo zale\u017ca\u0142o. W ka\u017cdym pokoju hotelowym znajduje si\u0119 specjalna zawieszka informuj\u0105ca o tym, \u017ce pok\u00f3j nie musi by\u0107 w danym dniu sprz\u0105tany, ka\u017cda z nich jest rejestrowana w systemie i generuje mkw lasu, kt\u00f3ry w naszym imieniu nasadza firma Las dla Nas. <br>To inicjatywa kszta\u0142tuj\u0105ca proekologiczne postawy, kt\u00f3re s\u0105 wpisane w DNA naszej firmy, a dzi\u0119ki firmie Las dla Nas mog\u0142y przybra\u0107 realny wymiar.<\/p>\n\n<figure class=\"wp-block-image size-full\"><img decoding=\"async\" src=\"https:\/\/lasdlanas.pl\/wp-content\/uploads\/2023\/05\/logo.png\" alt class=\"wp-image-1976\" width=\"175\" srcset=\"https:\/\/lasdlanas.pl\/wp-content\/uploads\/2023\/05\/logo.png 200w, https:\/\/lasdlanas.pl\/wp-content\/uploads\/2023\/05\/logo-12x12.png 12w\" sizes=\"(max-width: 200px) 100vw, 200px\" \/><\/figure>\n\n<h3 class=\"wp-block-heading\">Id Eau<\/h3>\n\n<figure class=\"wp-block-image size-full\"><img loading=\"lazy\" decoding=\"async\" width=\"120\" height=\"24\" src=\"https:\/\/lasdlanas.pl\/wp-content\/uploads\/2023\/11\/stars_wynik.webp\" alt class=\"wp-image-2256\" srcset=\"https:\/\/lasdlanas.pl\/wp-content\/uploads\/2023\/11\/stars_wynik.webp 120w, https:\/\/lasdlanas.pl\/wp-content\/uploads\/2023\/11\/stars_wynik-18x4.webp 18w\" sizes=\"auto, (max-width: 120px) 100vw, 120px\" \/><\/figure>\n\n<p>Od pocz\u0105tku istnienia nasza firma wspiera dzia\u0142ania proekologiczne, dlatego gdy otrzymali\u015bmy propozycj\u0119 wzi\u0119cia udzia\u0142u w projekcie Las Dla Nas, nie zastanawiali\u015bmy si\u0119 ani chwili.<br \/>Udzia\u0142 w projekcie jest sp\u00f3jny z nasz\u0105 misj\u0105, dostarczamy klientom nieskazitelnie czyst\u0105 wod\u0119 najwy\u017cszej jako\u015bci i pragniemy, by \u015brodowisko, w kt\u00f3rym \u017cyjemy w\u0142a\u015bnie takie by\u0142o, a to w\u0142a\u015bnie las i drzewa zapewniaj\u0105 nam tlen i zatrzymuj\u0105 wod\u0119, kt\u00f3rej mamy coraz mniej.<\/p>\n\nZapraszamy serdecznie na naszego bloga, Odkrywaj razem z nami tajniki przyrody, dzia\u0142ania ekologiczne i inspiruj\u0105ce historie zwi\u0105zane z naszym pi\u0119knym lasem oraz naszymi dzia\u0142aniami na rzecz przyrody.\n\n{post_date}\n\n\n\n<h3 class=\"wp-block-heading\">{post_title}<\/h3>\n\n{post_excerpt:20}\n\n<div class=\"wp-block-buttons is-layout-flex wp-block-buttons-is-layout-flex\"><div class=\"wp-block-button\"><a class=\"wp-block-button__link\">POZNAJ NASZ\u0104 OFERT\u0118<\/a><\/div><\/div>\n\n<div class=\"wp-block-buttons is-layout-flex wp-block-buttons-is-layout-flex\"><div class=\"wp-block-button\"><a class=\"wp-block-button__link\">Skontaktuj si\u0119<\/a><\/div><\/div>\n\nSekcja FAQ to miejsce, gdzie znajdziesz odpowiedzi na najcz\u0119\u015bciej zadawane pytania. Rozwi\u0105zujemy w\u0105tpliwo\u015bci i dostarczamy klarowne informacje.\n\n<figure class=\"wp-block-image size-full\"><img loading=\"lazy\" decoding=\"async\" width=\"220\" height=\"115\" src=\"https:\/\/lasdlanas.pl\/wp-content\/uploads\/2023\/10\/zmiany.png\" alt class=\"wp-image-2235\" srcset=\"https:\/\/lasdlanas.pl\/wp-content\/uploads\/2023\/10\/zmiany.png 220w, https:\/\/lasdlanas.pl\/wp-content\/uploads\/2023\/10\/zmiany-18x9.png 18w\" sizes=\"auto, (max-width: 220px) 100vw, 220px\" \/><\/figure>\n\n<figure class=\"wp-block-image size-full\"><img loading=\"lazy\" decoding=\"async\" width=\"338\" height=\"177\" src=\"https:\/\/lasdlanas.pl\/wp-content\/uploads\/2023\/10\/polemika.png\" alt class=\"wp-image-2234\" srcset=\"https:\/\/lasdlanas.pl\/wp-content\/uploads\/2023\/10\/polemika.png 338w, https:\/\/lasdlanas.pl\/wp-content\/uploads\/2023\/10\/polemika-300x157.png 300w, https:\/\/lasdlanas.pl\/wp-content\/uploads\/2023\/10\/polemika-18x9.png 18w\" sizes=\"auto, (max-width: 338px) 100vw, 338px\" \/><\/figure>\n\n<figure class=\"wp-block-image size-full\"><img loading=\"lazy\" decoding=\"async\" width=\"308\" height=\"161\" src=\"https:\/\/lasdlanas.pl\/wp-content\/uploads\/2023\/10\/kurowski.png\" alt class=\"wp-image-2233\" srcset=\"https:\/\/lasdlanas.pl\/wp-content\/uploads\/2023\/10\/kurowski.png 308w, https:\/\/lasdlanas.pl\/wp-content\/uploads\/2023\/10\/kurowski-300x157.png 300w, https:\/\/lasdlanas.pl\/wp-content\/uploads\/2023\/10\/kurowski-18x9.png 18w\" sizes=\"auto, (max-width: 308px) 100vw, 308px\" \/><\/figure>\n\n<figure class=\"wp-block-image size-full\"><img loading=\"lazy\" decoding=\"async\" width=\"255\" height=\"133\" src=\"https:\/\/lasdlanas.pl\/wp-content\/uploads\/2023\/10\/ideau.png\" alt class=\"wp-image-2232\" srcset=\"https:\/\/lasdlanas.pl\/wp-content\/uploads\/2023\/10\/ideau.png 255w, https:\/\/lasdlanas.pl\/wp-content\/uploads\/2023\/10\/ideau-18x9.png 18w\" sizes=\"auto, (max-width: 255px) 100vw, 255px\" \/><\/figure>\n\n<figure class=\"wp-block-image size-full\"><img loading=\"lazy\" decoding=\"async\" width=\"277\" height=\"145\" src=\"https:\/\/lasdlanas.pl\/wp-content\/uploads\/2023\/10\/Ferrari.png\" alt class=\"wp-image-2231\" srcset=\"https:\/\/lasdlanas.pl\/wp-content\/uploads\/2023\/10\/Ferrari.png 277w, https:\/\/lasdlanas.pl\/wp-content\/uploads\/2023\/10\/Ferrari-18x9.png 18w\" sizes=\"auto, (max-width: 277px) 100vw, 277px\" \/><\/figure>\n\n<figure class=\"wp-block-image size-full\"><img loading=\"lazy\" decoding=\"async\" width=\"310\" height=\"162\" src=\"https:\/\/lasdlanas.pl\/wp-content\/uploads\/2023\/10\/buduar.png\" alt class=\"wp-image-2230\" srcset=\"https:\/\/lasdlanas.pl\/wp-content\/uploads\/2023\/10\/buduar.png 310w, https:\/\/lasdlanas.pl\/wp-content\/uploads\/2023\/10\/buduar-300x157.png 300w, https:\/\/lasdlanas.pl\/wp-content\/uploads\/2023\/10\/buduar-18x9.png 18w\" sizes=\"auto, (max-width: 310px) 100vw, 310px\" \/><\/figure>\n\n<figure class=\"wp-block-image size-full\"><img loading=\"lazy\" decoding=\"async\" width=\"235\" height=\"122\" src=\"https:\/\/lasdlanas.pl\/wp-content\/uploads\/2023\/10\/batory.png\" alt class=\"wp-image-2229\" srcset=\"https:\/\/lasdlanas.pl\/wp-content\/uploads\/2023\/10\/batory.png 235w, https:\/\/lasdlanas.pl\/wp-content\/uploads\/2023\/10\/batory-18x9.png 18w\" sizes=\"auto, (max-width: 235px) 100vw, 235px\" \/><\/figure>\n\n<figure class=\"wp-block-image size-full\"><img loading=\"lazy\" decoding=\"async\" width=\"262\" height=\"137\" src=\"https:\/\/lasdlanas.pl\/wp-content\/uploads\/2023\/10\/base.png\" alt class=\"wp-image-2228\" srcset=\"https:\/\/lasdlanas.pl\/wp-content\/uploads\/2023\/10\/base.png 262w, https:\/\/lasdlanas.pl\/wp-content\/uploads\/2023\/10\/base-18x9.png 18w\" sizes=\"auto, (max-width: 262px) 100vw, 262px\" \/><\/figure>\n\n<figure class=\"wp-block-image size-full\"><img loading=\"lazy\" decoding=\"async\" width=\"377\" height=\"197\" src=\"https:\/\/lasdlanas.pl\/wp-content\/uploads\/2023\/10\/ascot.png\" alt class=\"wp-image-2226\" srcset=\"https:\/\/lasdlanas.pl\/wp-content\/uploads\/2023\/10\/ascot.png 377w, https:\/\/lasdlanas.pl\/wp-content\/uploads\/2023\/10\/ascot-300x157.png 300w, https:\/\/lasdlanas.pl\/wp-content\/uploads\/2023\/10\/ascot-18x9.png 18w\" sizes=\"auto, (max-width: 377px) 100vw, 377px\" \/><\/figure>\n\n<figure class=\"wp-block-image size-full\"><img loading=\"lazy\" decoding=\"async\" width=\"272\" height=\"142\" src=\"https:\/\/lasdlanas.pl\/wp-content\/uploads\/2023\/10\/babo.png\" alt class=\"wp-image-2227\" srcset=\"https:\/\/lasdlanas.pl\/wp-content\/uploads\/2023\/10\/babo.png 272w, https:\/\/lasdlanas.pl\/wp-content\/uploads\/2023\/10\/babo-18x9.png 18w\" sizes=\"auto, (max-width: 272px) 100vw, 272px\" \/><\/figure>\n\nPoznaj proces przekazywania darowizny i w prosty spos\u00f3b wesprzyj fundacj\u0119 Las dla Nas. Sad\u017a lasy wsp\u00f3lnie z Nami!\n\nTw\u00f3j wk\u0142ad finansowy pomaga w zachowaniu naszych las\u00f3w, kt\u00f3re pe\u0142ni\u0105 kluczow\u0105 rol\u0119 w regulacji klimatu, oczyszczaniu powietrza oraz zapewnieniu schronienia i po\u017cywienia dla dzikiej przyrody.\n\nOsoba lub instytucja przekazuj\u0105ca darowizn\u0119 nie oczekuje w zamian \u017cadnej formy wynagrodzenia.\n\nDarowizna polega na przekazaniu praw do okre\u015blonego maj\u0105tku lub mienia od darczy\u0144cy do obdarowanego.\n\n01\n\nKork\n\n04\n\nKork\n\n02\n\nKork\n\n03\n\nKork\n\n05\n\nKork\n\n<figure class=\"wp-block-image size-medium\"><img loading=\"lazy\" decoding=\"async\" width=\"300\" height=\"67\" src=\"https:\/\/lasdlanas.pl\/wp-content\/uploads\/2024\/03\/La-Squadra_logo_white-300x67.webp\" alt class=\"wp-image-3504\" srcset=\"https:\/\/lasdlanas.pl\/wp-content\/uploads\/2024\/03\/La-Squadra_logo_white-300x67.webp 300w, https:\/\/lasdlanas.pl\/wp-content\/uploads\/2024\/03\/La-Squadra_logo_white-18x4.webp 18w, https:\/\/lasdlanas.pl\/wp-content\/uploads\/2024\/03\/La-Squadra_logo_white.webp 500w\" sizes=\"auto, (max-width: 300px) 100vw, 300px\" \/><\/figure>\n\n<figure class=\"wp-block-image size-medium\"><img loading=\"lazy\" decoding=\"async\" width=\"300\" height=\"93\" src=\"https:\/\/lasdlanas.pl\/wp-content\/uploads\/2024\/03\/Grand-Ascot-logo_white-300x93.webp\" alt class=\"wp-image-3506\" srcset=\"https:\/\/lasdlanas.pl\/wp-content\/uploads\/2024\/03\/Grand-Ascot-logo_white-300x93.webp 300w, https:\/\/lasdlanas.pl\/wp-content\/uploads\/2024\/03\/Grand-Ascot-logo_white-18x6.webp 18w, https:\/\/lasdlanas.pl\/wp-content\/uploads\/2024\/03\/Grand-Ascot-logo_white.webp 500w\" sizes=\"auto, (max-width: 300px) 100vw, 300px\" \/><\/figure>","protected":false},"excerpt":{"rendered":"<p>Przeka\u017c darowizn\u0119 na ochron\u0119 przyrody! Wsparcie dla Fundacji Las Dla Nas to krok w stron\u0119 zachowania naszych las\u00f3w i \u015brodowiska naturalnego. Dokonaj darowizny i do\u0142\u0105cz do naszej misji ochrony przyrody. Dobrowolne przekazanie Przekazywanie w\u0142asno\u015bci Brak wynagrodzenia Wesprzyj ochron\u0119 \u015brodowiska naturalnego Dzia\u0142aj lokalnie i globalnie Otrzymuj ulgi podatkowe Darowizna jest dokonywana z w\u0142asnej woli i nie [&hellip;]<\/p>","protected":false},"author":1,"featured_media":0,"parent":0,"menu_order":0,"comment_status":"closed","ping_status":"closed","template":"","meta":{"footnotes":""},"class_list":["post-2542","page","type-page","status-publish","hentry"],"_links":{"self":[{"href":"https:\/\/lasdlanas.pl\/en\/wp-json\/wp\/v2\/pages\/2542","targetHints":{"allow":["GET"]}}],"collection":[{"href":"https:\/\/lasdlanas.pl\/en\/wp-json\/wp\/v2\/pages"}],"about":[{"href":"https:\/\/lasdlanas.pl\/en\/wp-json\/wp\/v2\/types\/page"}],"author":[{"embeddable":true,"href":"https:\/\/lasdlanas.pl\/en\/wp-json\/wp\/v2\/users\/1"}],"replies":[{"embeddable":true,"href":"https:\/\/lasdlanas.pl\/en\/wp-json\/wp\/v2\/comments?post=2542"}],"version-history":[{"count":54,"href":"https:\/\/lasdlanas.pl\/en\/wp-json\/wp\/v2\/pages\/2542\/revisions"}],"predecessor-version":[{"id":3520,"href":"https:\/\/lasdlanas.pl\/en\/wp-json\/wp\/v2\/pages\/2542\/revisions\/3520"}],"wp:attachment":[{"href":"https:\/\/lasdlanas.pl\/en\/wp-json\/wp\/v2\/media?parent=2542"}],"curies":[{"name":"wp","href":"https:\/\/api.w.org\/{rel}","templated":true}]}}