{"id":2623,"date":"2023-11-06T21:39:24","date_gmt":"2023-11-06T21:39:24","guid":{"rendered":"https:\/\/3.space1.pl\/?page_id=2623"},"modified":"2024-09-19T07:30:29","modified_gmt":"2024-09-19T07:30:29","slug":"ecommerce","status":"publish","type":"page","link":"https:\/\/lasdlanas.pl\/en\/ecommerce\/","title":{"rendered":"Ecommerce"},"content":{"rendered":"<figure class=\"wp-block-image size-full\"><img loading=\"lazy\" decoding=\"async\" width=\"899\" height=\"915\" src=\"https:\/\/lasdlanas.pl\/wp-content\/uploads\/2023\/11\/picwer8_wynik.webp\" alt class=\"wp-image-2625\" srcset=\"https:\/\/lasdlanas.pl\/wp-content\/uploads\/2023\/11\/picwer8_wynik.webp 899w, https:\/\/lasdlanas.pl\/wp-content\/uploads\/2023\/11\/picwer8_wynik-295x300.webp 295w, https:\/\/lasdlanas.pl\/wp-content\/uploads\/2023\/11\/picwer8_wynik-768x782.webp 768w, https:\/\/lasdlanas.pl\/wp-content\/uploads\/2023\/11\/picwer8_wynik-12x12.webp 12w\" sizes=\"auto, (max-width: 899px) 100vw, 899px\" \/><\/figure>\n\n<p>Witaj w Programie Wsp\u00f3\u0142pracy z Fundacj\u0105 &#8222;Las dla Nas&#8221; dla \u2028e-commerce. Razem tw\u00f3rzmy bardziej zr\u00f3wnowa\u017cony i ekologiczny \u015bwiat handlu internetowego<\/p>\n\n<div class=\"wp-block-buttons is-layout-flex wp-block-buttons-is-layout-flex\"><div class=\"wp-block-button\"><a class=\"wp-block-button__link\">Zobacz przyk\u0142adowy sklep z wtyczk\u0105 Las dla Nas<\/a><\/div><\/div>\n\n<div class=\"wp-block-buttons is-layout-flex wp-block-buttons-is-layout-flex\"><div class=\"wp-block-button\"><a class=\"wp-block-button__link\">Dowiedz si\u0119 wi\u0119cej o nas<\/a><\/div><\/div>\n\n<figure class=\"wp-block-image size-full\"><img loading=\"lazy\" decoding=\"async\" width=\"638\" height=\"933\" src=\"https:\/\/lasdlanas.pl\/wp-content\/uploads\/2023\/12\/Frame-126618.png\" alt class=\"wp-image-3112\" srcset=\"https:\/\/lasdlanas.pl\/wp-content\/uploads\/2023\/12\/Frame-126618.png 638w, https:\/\/lasdlanas.pl\/wp-content\/uploads\/2023\/12\/Frame-126618-205x300.png 205w, https:\/\/lasdlanas.pl\/wp-content\/uploads\/2023\/12\/Frame-126618-8x12.png 8w\" sizes=\"auto, (max-width: 638px) 100vw, 638px\" \/><\/figure>\n\n<figure class=\"wp-block-image size-full\"><img decoding=\"async\" src=\"https:\/\/lasdlanas.pl\/wp-content\/uploads\/2023\/12\/success-1.png\" alt class=\"wp-image-3054\" width=\"83\" srcset=\"https:\/\/lasdlanas.pl\/wp-content\/uploads\/2023\/12\/success-1.png 512w, https:\/\/lasdlanas.pl\/wp-content\/uploads\/2023\/12\/success-1-300x300.png 300w, https:\/\/lasdlanas.pl\/wp-content\/uploads\/2023\/12\/success-1-150x150.png 150w, https:\/\/lasdlanas.pl\/wp-content\/uploads\/2023\/12\/success-1-12x12.png 12w\" sizes=\"(max-width: 512px) 100vw, 512px\" \/><\/figure>\n\nWyr\u00f3\u017cnij si\u0119 na rynku i popraw konwersj\u0119\n\n<figure class=\"wp-block-image size-full\"><img decoding=\"async\" src=\"https:\/\/lasdlanas.pl\/wp-content\/uploads\/2023\/12\/brand.png\" alt class=\"wp-image-3055\" width=\"83\" srcset=\"https:\/\/lasdlanas.pl\/wp-content\/uploads\/2023\/12\/brand.png 512w, https:\/\/lasdlanas.pl\/wp-content\/uploads\/2023\/12\/brand-300x300.png 300w, https:\/\/lasdlanas.pl\/wp-content\/uploads\/2023\/12\/brand-150x150.png 150w, https:\/\/lasdlanas.pl\/wp-content\/uploads\/2023\/12\/brand-12x12.png 12w\" sizes=\"(max-width: 512px) 100vw, 512px\" \/><\/figure>\n\nWzmocnij\u2028wizerunek\n\n<figure class=\"wp-block-image size-full\"><img decoding=\"async\" src=\"https:\/\/lasdlanas.pl\/wp-content\/uploads\/2023\/12\/save-the-world.png\" alt class=\"wp-image-3060\" width=\"83\" srcset=\"https:\/\/lasdlanas.pl\/wp-content\/uploads\/2023\/12\/save-the-world.png 512w, https:\/\/lasdlanas.pl\/wp-content\/uploads\/2023\/12\/save-the-world-300x300.png 300w, https:\/\/lasdlanas.pl\/wp-content\/uploads\/2023\/12\/save-the-world-150x150.png 150w, https:\/\/lasdlanas.pl\/wp-content\/uploads\/2023\/12\/save-the-world-12x12.png 12w\" sizes=\"(max-width: 512px) 100vw, 512px\" \/><\/figure>\n\nWesprzyj swoje   dzia\u0142ania CSR\n\nDedykowana wtyczka do sklepu internetowego prezentuje jaki % z ceny produktu zostanie przekazany na cele fundacji Las dla Nas. Oddzia\u0142ywuje to na konsument\u00f3w proekologicznych oraz wyr\u00f3\u017cnia sklep na tle konkurencji.\n\nPartnerstwo z nami pozwala wzmocni\u0107 wizerunek firmy jako zaanga\u017cowanej w ochron\u0119 \u015brodowiska. Nasze akcje i wydarzenia s\u0105 szeroko relacjonowane w mediach, co zwi\u0119ksza widoczno\u015b\u0107 partner\u00f3w.\n\nPomagamy firmom w realizacji dzia\u0142a\u0144 z zakresu Spo\u0142ecznej Odpowiedzialno\u015bci Biznesu. Nasz zesp\u00f3\u0142 ekspert\u00f3w w dziedzinie ekologii mo\u017ce wspomaga\u0107 rozwijanie innowacyjnych rozwi\u0105za\u0144 proekologicznych.\n\n<figure class=\"wp-block-image size-full\"><img loading=\"lazy\" decoding=\"async\" width=\"257\" height=\"172\" src=\"https:\/\/lasdlanas.pl\/wp-content\/uploads\/2023\/12\/unsplash_eveI7MOcSmw.png\" alt class=\"wp-image-3148\" srcset=\"https:\/\/lasdlanas.pl\/wp-content\/uploads\/2023\/12\/unsplash_eveI7MOcSmw.png 257w, https:\/\/lasdlanas.pl\/wp-content\/uploads\/2023\/12\/unsplash_eveI7MOcSmw-18x12.png 18w\" sizes=\"auto, (max-width: 257px) 100vw, 257px\" \/><\/figure>\n\nPodnie\u015b konwersj\u0119 za pomoc\u0105 naszej wtyczki\n\nNasza dedykowana wtyczka do stron internetowych (sklep\u00f3w internetowych) pozwala w jasny spos\u00f3b pokaza\u0107 klientom, jaka cz\u0119\u015b\u0107 z ich zakup\u00f3w zostanie przekazana na rzecz Fundacji &#8222;Las dla Nas&#8221;. To transparentne i zach\u0119caj\u0105ce do zakup\u00f3w rozwi\u0105zanie.\n\nDla Ecommerce oferujemy szereg us\u0142ug, kt\u00f3re wspieraj\u0105 dzia\u0142ania CSR i promocj\u0119 ekologii:\n\n<figure class=\"wp-block-image size-full\"><img loading=\"lazy\" decoding=\"async\" width=\"254\" height=\"170\" src=\"https:\/\/lasdlanas.pl\/wp-content\/uploads\/2023\/12\/unsplash_2F9_68BqRSI.jpg\" alt class=\"wp-image-3137\" srcset=\"https:\/\/lasdlanas.pl\/wp-content\/uploads\/2023\/12\/unsplash_2F9_68BqRSI.jpg 254w, https:\/\/lasdlanas.pl\/wp-content\/uploads\/2023\/12\/unsplash_2F9_68BqRSI-18x12.jpg 18w\" sizes=\"auto, (max-width: 254px) 100vw, 254px\" \/><\/figure>\n\nZorganizuj wsp\u00f3lne  z nami event ekologiczny\n\nOrganizacja event\u00f3w dla firmy, kt\u00f3ra skupia si\u0119 na wsp\u00f3lnym sadzeniu las\u00f3w przez pracownik\u00f3w firm. Nasze wydarzenia nie tylko promuj\u0105 odpowiedzialno\u015b\u0107 spo\u0142eczn\u0105 i ekologiczn\u0105, ale tak\u017ce integruj\u0105 zespo\u0142y oraz buduj\u0105 \u015bwiadomo\u015b\u0107..\n\n<figure class=\"wp-block-image size-full\"><img loading=\"lazy\" decoding=\"async\" width=\"257\" height=\"172\" src=\"https:\/\/lasdlanas.pl\/wp-content\/uploads\/2023\/12\/unsplash_eveI7MOcSmw-1.png\" alt class=\"wp-image-3149\" srcset=\"https:\/\/lasdlanas.pl\/wp-content\/uploads\/2023\/12\/unsplash_eveI7MOcSmw-1.png 257w, https:\/\/lasdlanas.pl\/wp-content\/uploads\/2023\/12\/unsplash_eveI7MOcSmw-1-18x12.png 18w\" sizes=\"auto, (max-width: 257px) 100vw, 257px\" \/><\/figure>\n\nOtrzymaj wsparcie medialne\n\nFundacja Las dla Nas oferuje kompleksow\u0105 us\u0142ug\u0119 wsparcia medialnego dla firm, kt\u00f3ra obejmuje tworzenie tre\u015bci, wywiad\u00f3w, materia\u0142\u00f3w wideo oraz publikacj\u0119 tych tre\u015bci w naszych kana\u0142ach oraz u zewn\u0119trznych partner\u00f3w.\n\n<figure class=\"wp-block-image size-full\"><img loading=\"lazy\" decoding=\"async\" width=\"254\" height=\"170\" src=\"https:\/\/lasdlanas.pl\/wp-content\/uploads\/2023\/12\/unsplash_376KN_ISplE.jpg\" alt class=\"wp-image-3138\" srcset=\"https:\/\/lasdlanas.pl\/wp-content\/uploads\/2023\/12\/unsplash_376KN_ISplE.jpg 254w, https:\/\/lasdlanas.pl\/wp-content\/uploads\/2023\/12\/unsplash_376KN_ISplE-18x12.jpg 18w\" sizes=\"auto, (max-width: 254px) 100vw, 254px\" \/><\/figure>\n\nZosta\u0144 partnerem projektu\n\nFundacja Las dla Nas oferuje efektywn\u0105 promocj\u0119 firm poprzez publikowanie informacji o ich dzia\u0142alno\u015bci na naszej stronie internetowej, w mediach spo\u0142eczno\u015bciowych oraz w naszych materia\u0142ach promocyjnych.\n\nDo\u0142\u0105cz do nas i razem przyczyniajmy si\u0119 do\n ochrony naszych las\u00f3w i przyrody, a tak\u017ce tw\u00f3rzmy\n ekologiczne rozwi\u0105zania w dziedzinie Ecommerce!\n\nsponsorzy projektu\n\n<div class=\"wp-block-buttons is-layout-flex wp-block-buttons-is-layout-flex\"><div class=\"wp-block-button\"><a class=\"wp-block-button__link\">Skontaktuj si\u0119<\/a><\/div><\/div>\n\nSekcja FAQ to miejsce, gdzie znajdziesz odpowiedzi na najcz\u0119\u015bciej zadawane pytania. Rozwi\u0105zujemy w\u0105tpliwo\u015bci i dostarczamy klarowne informacje.\n\n<figure class=\"wp-block-image size-full\"><img decoding=\"async\" src=\"https:\/\/lasdlanas.pl\/wp-content\/uploads\/2023\/10\/zmiany.png\" alt class=\"wp-image-2235\" width=\"200\" srcset=\"https:\/\/lasdlanas.pl\/wp-content\/uploads\/2023\/10\/zmiany.png 220w, https:\/\/lasdlanas.pl\/wp-content\/uploads\/2023\/10\/zmiany-18x9.png 18w\" sizes=\"(max-width: 220px) 100vw, 220px\" \/><\/figure>\n\n<figure class=\"wp-block-image size-full\"><img decoding=\"async\" src=\"https:\/\/lasdlanas.pl\/wp-content\/uploads\/2023\/10\/polemika.png\" alt class=\"wp-image-2234\" width=\"200\" srcset=\"https:\/\/lasdlanas.pl\/wp-content\/uploads\/2023\/10\/polemika.png 338w, https:\/\/lasdlanas.pl\/wp-content\/uploads\/2023\/10\/polemika-300x157.png 300w, https:\/\/lasdlanas.pl\/wp-content\/uploads\/2023\/10\/polemika-18x9.png 18w\" sizes=\"(max-width: 338px) 100vw, 338px\" \/><\/figure>\n\n<figure class=\"wp-block-image size-full\"><img decoding=\"async\" src=\"https:\/\/lasdlanas.pl\/wp-content\/uploads\/2023\/10\/kurowski.png\" alt class=\"wp-image-2233\" width=\"200\" srcset=\"https:\/\/lasdlanas.pl\/wp-content\/uploads\/2023\/10\/kurowski.png 308w, https:\/\/lasdlanas.pl\/wp-content\/uploads\/2023\/10\/kurowski-300x157.png 300w, https:\/\/lasdlanas.pl\/wp-content\/uploads\/2023\/10\/kurowski-18x9.png 18w\" sizes=\"(max-width: 308px) 100vw, 308px\" \/><\/figure>\n\n<figure class=\"wp-block-image size-full\"><img decoding=\"async\" src=\"https:\/\/lasdlanas.pl\/wp-content\/uploads\/2023\/10\/ideau.png\" alt class=\"wp-image-2232\" width=\"200\" srcset=\"https:\/\/lasdlanas.pl\/wp-content\/uploads\/2023\/10\/ideau.png 255w, https:\/\/lasdlanas.pl\/wp-content\/uploads\/2023\/10\/ideau-18x9.png 18w\" sizes=\"(max-width: 255px) 100vw, 255px\" \/><\/figure>\n\n<figure class=\"wp-block-image size-full\"><img decoding=\"async\" src=\"https:\/\/lasdlanas.pl\/wp-content\/uploads\/2023\/10\/Ferrari.png\" alt class=\"wp-image-2231\" width=\"200\" srcset=\"https:\/\/lasdlanas.pl\/wp-content\/uploads\/2023\/10\/Ferrari.png 277w, https:\/\/lasdlanas.pl\/wp-content\/uploads\/2023\/10\/Ferrari-18x9.png 18w\" sizes=\"(max-width: 277px) 100vw, 277px\" \/><\/figure>\n\n<figure class=\"wp-block-image size-full\"><img decoding=\"async\" src=\"https:\/\/lasdlanas.pl\/wp-content\/uploads\/2023\/10\/buduar.png\" alt class=\"wp-image-2230\" width=\"200\" srcset=\"https:\/\/lasdlanas.pl\/wp-content\/uploads\/2023\/10\/buduar.png 310w, https:\/\/lasdlanas.pl\/wp-content\/uploads\/2023\/10\/buduar-300x157.png 300w, https:\/\/lasdlanas.pl\/wp-content\/uploads\/2023\/10\/buduar-18x9.png 18w\" sizes=\"(max-width: 310px) 100vw, 310px\" \/><\/figure>\n\n<figure class=\"wp-block-image size-full\"><img loading=\"lazy\" decoding=\"async\" width=\"235\" height=\"122\" src=\"https:\/\/lasdlanas.pl\/wp-content\/uploads\/2023\/10\/batory.png\" alt class=\"wp-image-2229\" srcset=\"https:\/\/lasdlanas.pl\/wp-content\/uploads\/2023\/10\/batory.png 235w, https:\/\/lasdlanas.pl\/wp-content\/uploads\/2023\/10\/batory-18x9.png 18w\" sizes=\"auto, (max-width: 235px) 100vw, 235px\" \/><\/figure>\n\n<figure class=\"wp-block-image size-full\"><img loading=\"lazy\" decoding=\"async\" width=\"262\" height=\"137\" src=\"https:\/\/lasdlanas.pl\/wp-content\/uploads\/2023\/10\/base.png\" alt class=\"wp-image-2228\" srcset=\"https:\/\/lasdlanas.pl\/wp-content\/uploads\/2023\/10\/base.png 262w, https:\/\/lasdlanas.pl\/wp-content\/uploads\/2023\/10\/base-18x9.png 18w\" sizes=\"auto, (max-width: 262px) 100vw, 262px\" \/><\/figure>\n\n<figure class=\"wp-block-image size-full\"><img loading=\"lazy\" decoding=\"async\" width=\"377\" height=\"197\" src=\"https:\/\/lasdlanas.pl\/wp-content\/uploads\/2023\/10\/ascot.png\" alt class=\"wp-image-2226\" srcset=\"https:\/\/lasdlanas.pl\/wp-content\/uploads\/2023\/10\/ascot.png 377w, https:\/\/lasdlanas.pl\/wp-content\/uploads\/2023\/10\/ascot-300x157.png 300w, https:\/\/lasdlanas.pl\/wp-content\/uploads\/2023\/10\/ascot-18x9.png 18w\" sizes=\"auto, (max-width: 377px) 100vw, 377px\" \/><\/figure>\n\n<figure class=\"wp-block-image size-full\"><img loading=\"lazy\" decoding=\"async\" width=\"272\" height=\"142\" src=\"https:\/\/lasdlanas.pl\/wp-content\/uploads\/2023\/10\/babo.png\" alt class=\"wp-image-2227\" srcset=\"https:\/\/lasdlanas.pl\/wp-content\/uploads\/2023\/10\/babo.png 272w, https:\/\/lasdlanas.pl\/wp-content\/uploads\/2023\/10\/babo-18x9.png 18w\" sizes=\"auto, (max-width: 272px) 100vw, 272px\" \/><\/figure>\n\n<div class='w3eden'><!-- WPDM Link Template: Default Template -->\n\n<div class=\"link-template-default card mb-2\">\n    <div class=\"card-body\">\n        <div class=\"media\">\n            <div class=\"mr-3 img-48\"><img decoding=\"async\" class=\"wpdm_icon\" alt=\"Icon\" src=\"https:\/\/lasdlanas.pl\/wp-content\/plugins\/download-manager\/assets\/file-type-icons\/pdf.svg\" \/><\/div>\n            <div class=\"media-body\">\n                <h3 class=\"package-title\"><a href='https:\/\/lasdlanas.pl\/en\/download\/instrukcja-modulu-sadzimy-lasy-wordpress-2\/'>Instrukcja modu\u0142u Sadzimy lasy Prestashop<\/a><\/h3>\n                <div class=\"text-muted text-small\"><i class=\"fas fa-copy\"><\/i> 1 file(s) <i class=\"fas fa-hdd ml-3\"><\/i> 419 KB<\/div>\n            <\/div>\n            <div class=\"ml-3\">\n                <a class='wpdm-download-link download-on-click btn btn-primary' rel='nofollow' href='#' data-downloadurl=\"https:\/\/lasdlanas.pl\/en\/download\/instrukcja-modulu-sadzimy-lasy-wordpress-2\/?wpdmdl=807&refresh=69e8d6c2731061776867010\">Pobierz<\/a>\n            <\/div>\n        <\/div>\n    <\/div>\n<\/div>\n\n<\/div>\n\n\n<div class='w3eden'><!-- WPDM Link Template: Default Template -->\n\n<div class=\"link-template-default card mb-2\">\n    <div class=\"card-body\">\n        <div class=\"media\">\n            <div class=\"mr-3 img-48\"><img decoding=\"async\" class=\"wpdm_icon\" alt=\"Icon\" src=\"https:\/\/lasdlanas.pl\/wp-content\/plugins\/download-manager\/assets\/file-type-icons\/zip.svg\" \/><\/div>\n            <div class=\"media-body\">\n                <h3 class=\"package-title\"><a href='https:\/\/lasdlanas.pl\/en\/download\/sadzimy-lasy-modul-dla-wordpress\/'>Sadzimy lasy - modu\u0142 dla Prestashop<\/a><\/h3>\n                <div class=\"text-muted text-small\"><i class=\"fas fa-copy\"><\/i> 1 file(s) <i class=\"fas fa-hdd ml-3\"><\/i> 33 KB<\/div>\n            <\/div>\n            <div class=\"ml-3\">\n                <a href='#unlock' class='wpdm-download-link wpdm-download-locked btn btn-primary' data-package='806'>Pobierz<\/a>\n            <\/div>\n        <\/div>\n    <\/div>\n<\/div>\n\n<\/div>\n\n\n<div class='w3eden'><!-- WPDM Link Template: Default Template -->\n\n<div class=\"link-template-default card mb-2\">\n    <div class=\"card-body\">\n        <div class=\"media\">\n            <div class=\"mr-3 img-48\"><img decoding=\"async\" class=\"wpdm_icon\" alt=\"Icon\" src=\"https:\/\/lasdlanas.pl\/wp-content\/plugins\/download-manager\/assets\/file-type-icons\/pdf.svg\" \/><\/div>\n            <div class=\"media-body\">\n                <h3 class=\"package-title\"><a href='https:\/\/lasdlanas.pl\/en\/download\/instrukcja-modulu-sadzimy-lasy-wordpress\/'>Instrukcja modu\u0142u Sadzimy lasy Wordpress<\/a><\/h3>\n                <div class=\"text-muted text-small\"><i class=\"fas fa-copy\"><\/i> 1 file(s) <i class=\"fas fa-hdd ml-3\"><\/i> 644 KB<\/div>\n            <\/div>\n            <div class=\"ml-3\">\n                <a class='wpdm-download-link download-on-click btn btn-primary' rel='nofollow' href='#' data-downloadurl=\"https:\/\/lasdlanas.pl\/en\/download\/instrukcja-modulu-sadzimy-lasy-wordpress\/?wpdmdl=785&refresh=69e8d6c278c241776867010\">Pobierz<\/a>\n            <\/div>\n        <\/div>\n    <\/div>\n<\/div>\n\n<\/div>\n\n\n<div class='w3eden'><!-- WPDM Link Template: Default Template -->\n\n<div class=\"link-template-default card mb-2\">\n    <div class=\"card-body\">\n        <div class=\"media\">\n            <div class=\"mr-3 img-48\"><img decoding=\"async\" class=\"wpdm_icon\" alt=\"Icon\"   src=\"https:\/\/lasdlanas.pl\/wp-content\/plugins\/download-manager\/assets\/file-type-icons\/zip.svg\" \/><\/div>\n            <div class=\"media-body\">\n                <h3 class=\"package-title\"><a href='https:\/\/lasdlanas.pl\/en\/download\/sadzimy-lasy-wordpress\/'>Sadzimy lasy - modu\u0142 dla Wordpress<\/a><\/h3>\n                <div class=\"text-muted text-small\"><i class=\"fas fa-copy\"><\/i> 1 file(s) <i class=\"fas fa-hdd ml-3\"><\/i> 30 KB<\/div>\n            <\/div>\n            <div class=\"ml-3\">\n                <a href='#unlock' class='wpdm-download-link wpdm-download-locked btn btn-primary' data-package='784'>Pobierz<\/a>\n            <\/div>\n        <\/div>\n    <\/div>\n<\/div>\n\n<\/div>\n\n\n<figure class=\"wp-block-image size-medium\"><img loading=\"lazy\" decoding=\"async\" width=\"300\" height=\"67\" src=\"https:\/\/lasdlanas.pl\/wp-content\/uploads\/2024\/03\/La-Squadra_logo_white-300x67.webp\" alt class=\"wp-image-3504\" srcset=\"https:\/\/lasdlanas.pl\/wp-content\/uploads\/2024\/03\/La-Squadra_logo_white-300x67.webp 300w, https:\/\/lasdlanas.pl\/wp-content\/uploads\/2024\/03\/La-Squadra_logo_white-18x4.webp 18w, https:\/\/lasdlanas.pl\/wp-content\/uploads\/2024\/03\/La-Squadra_logo_white.webp 500w\" sizes=\"auto, (max-width: 300px) 100vw, 300px\" \/><\/figure>\n\n<figure class=\"wp-block-image size-medium\"><img loading=\"lazy\" decoding=\"async\" width=\"300\" height=\"93\" src=\"https:\/\/lasdlanas.pl\/wp-content\/uploads\/2024\/03\/Grand-Ascot-logo_white-300x93.webp\" alt class=\"wp-image-3506\" srcset=\"https:\/\/lasdlanas.pl\/wp-content\/uploads\/2024\/03\/Grand-Ascot-logo_white-300x93.webp 300w, https:\/\/lasdlanas.pl\/wp-content\/uploads\/2024\/03\/Grand-Ascot-logo_white-18x6.webp 18w, https:\/\/lasdlanas.pl\/wp-content\/uploads\/2024\/03\/Grand-Ascot-logo_white.webp 500w\" sizes=\"auto, (max-width: 300px) 100vw, 300px\" \/><\/figure>","protected":false},"excerpt":{"rendered":"<p>Witaj w Programie Wsp\u00f3\u0142pracy z Fundacj\u0105 &#8222;Las dla Nas&#8221; dla \u2028e-commerce. Razem tw\u00f3rzmy bardziej zr\u00f3wnowa\u017cony i ekologiczny \u015bwiat handlu internetowego Wyr\u00f3\u017cnij si\u0119 na rynku i popraw konwersj\u0119 Wzmocnij\u2028wizerunek Wesprzyj swoje dzia\u0142ania CSR Dedykowana wtyczka do sklepu internetowego prezentuje jaki % z ceny produktu zostanie przekazany na cele fundacji Las dla Nas. Oddzia\u0142ywuje to na konsument\u00f3w [&hellip;]<\/p>","protected":false},"author":1,"featured_media":0,"parent":0,"menu_order":0,"comment_status":"closed","ping_status":"closed","template":"","meta":{"footnotes":""},"class_list":["post-2623","page","type-page","status-publish","hentry"],"_links":{"self":[{"href":"https:\/\/lasdlanas.pl\/en\/wp-json\/wp\/v2\/pages\/2623","targetHints":{"allow":["GET"]}}],"collection":[{"href":"https:\/\/lasdlanas.pl\/en\/wp-json\/wp\/v2\/pages"}],"about":[{"href":"https:\/\/lasdlanas.pl\/en\/wp-json\/wp\/v2\/types\/page"}],"author":[{"embeddable":true,"href":"https:\/\/lasdlanas.pl\/en\/wp-json\/wp\/v2\/users\/1"}],"replies":[{"embeddable":true,"href":"https:\/\/lasdlanas.pl\/en\/wp-json\/wp\/v2\/comments?post=2623"}],"version-history":[{"count":63,"href":"https:\/\/lasdlanas.pl\/en\/wp-json\/wp\/v2\/pages\/2623\/revisions"}],"predecessor-version":[{"id":4045,"href":"https:\/\/lasdlanas.pl\/en\/wp-json\/wp\/v2\/pages\/2623\/revisions\/4045"}],"wp:attachment":[{"href":"https:\/\/lasdlanas.pl\/en\/wp-json\/wp\/v2\/media?parent=2623"}],"curies":[{"name":"wp","href":"https:\/\/api.w.org\/{rel}","templated":true}]}}